{"id":1419,"date":"2023-10-11T11:38:44","date_gmt":"2023-10-11T11:38:44","guid":{"rendered":"https:\/\/bienal2023.ilhantekelivakfi.org.tr\/?page_id=1419"},"modified":"2023-11-12T15:30:43","modified_gmt":"2023-11-12T15:30:43","slug":"kentte-birlikte-uretmek-ve-ogrenmek","status":"publish","type":"page","link":"https:\/\/bienal2023.ilhantekelivakfi.org.tr\/?page_id=1419","title":{"rendered":"Kentte Birlikte \u00dcretmek ve \u00d6\u011frenmek"},"content":{"rendered":"\t\t<div data-elementor-type=\"wp-page\" data-elementor-id=\"1419\" class=\"elementor elementor-1419\" data-elementor-post-type=\"page\">\n\t\t\t\t\t\t\t<div class=\"elementor-element elementor-element-ea60868 e-flex e-con-boxed e-con e-parent\" data-id=\"ea60868\" data-element_type=\"container\" data-settings=\"{&quot;content_width&quot;:&quot;boxed&quot;}\" data-core-v316-plus=\"true\">\n\t\t\t\t\t<div class=\"e-con-inner\">\n\t\t\t\t<div class=\"elementor-element elementor-element-9dd9c2e elementor-invisible elementor-widget elementor-widget-heading\" data-id=\"9dd9c2e\" data-element_type=\"widget\" data-settings=\"{&quot;_animation&quot;:&quot;bounce&quot;}\" data-widget_type=\"heading.default\">\n\t\t\t\t<div class=\"elementor-widget-container\">\n\t\t\t<style>\/*! elementor - v3.16.0 - 20-09-2023 *\/\n.elementor-heading-title{padding:0;margin:0;line-height:1}.elementor-widget-heading .elementor-heading-title[class*=elementor-size-]>a{color:inherit;font-size:inherit;line-height:inherit}.elementor-widget-heading .elementor-heading-title.elementor-size-small{font-size:15px}.elementor-widget-heading .elementor-heading-title.elementor-size-medium{font-size:19px}.elementor-widget-heading .elementor-heading-title.elementor-size-large{font-size:29px}.elementor-widget-heading .elementor-heading-title.elementor-size-xl{font-size:39px}.elementor-widget-heading .elementor-heading-title.elementor-size-xxl{font-size:59px}<\/style><h2 class=\"elementor-heading-title elementor-size-default\">Kentte Birlikte \u00dcretmek ve \u00d6\u011frenmek<\/h2>\t\t<\/div>\n\t\t\t\t<\/div>\n\t\t\t\t<div class=\"elementor-element elementor-element-fd61584 elementor-author-box--layout-image-left elementor-author-box--align-left elementor-widget elementor-widget-author-box\" data-id=\"fd61584\" data-element_type=\"widget\" data-widget_type=\"author-box.default\">\n\t\t\t\t<div class=\"elementor-widget-container\">\n\t\t\t<link rel=\"stylesheet\" href=\"https:\/\/bienal2023.ilhantekelivakfi.org.tr\/wp-content\/plugins\/elementor-pro\/assets\/css\/widget-theme-elements.min.css\">\t\t<div class=\"elementor-author-box\">\n\t\t\t\t\t\t\t<div  class=\"elementor-author-box__avatar\">\n\t\t\t\t\t<img decoding=\"async\" src=\"https:\/\/bienal2023.ilhantekelivakfi.org.tr\/wp-content\/uploads\/2023\/09\/1-03-300x300.png\" alt=\"Author picture\" loading=\"lazy\">\n\t\t\t\t<\/div>\n\t\t\t\n\t\t\t<div class=\"elementor-author-box__text\">\n\t\t\t\t\n\t\t\t\t\t\t\t\t\t<div class=\"elementor-author-box__bio\">\n\t\t\t\t\t\t<p>\u00dc1. Kale \u0130\u015flevsel Yeniden Canland\u0131rma \u00c7al\u0131\u015ftay\u0131<br \/>\n\u00dc2. Kent Eskizleri: Ankara Kalesi<br \/>\nleri: Ankara Kalesi<br \/>\n\u00dc4. M\u00fczik ve Dans Performans\u0131: ANSAMBUL II <\/p>\n\t\t\t\t\t<\/div>\n\t\t\t\t\n\t\t\t\t\t\t\t<\/div>\n\t\t<\/div>\n\t\t\t\t<\/div>\n\t\t\t\t<\/div>\n\t\t\t\t\t<\/div>\n\t\t\t\t<\/div>\n\t\t<div class=\"elementor-element elementor-element-dace11e e-flex e-con-boxed e-con e-parent\" data-id=\"dace11e\" data-element_type=\"container\" data-settings=\"{&quot;content_width&quot;:&quot;boxed&quot;}\" data-core-v316-plus=\"true\">\n\t\t\t\t\t<div class=\"e-con-inner\">\n\t\t\t\t<div class=\"elementor-element elementor-element-bca1dd6 elementor-widget elementor-widget-accordion\" data-id=\"bca1dd6\" data-element_type=\"widget\" data-widget_type=\"accordion.default\">\n\t\t\t\t<div class=\"elementor-widget-container\">\n\t\t\t<style>\/*! elementor - v3.16.0 - 20-09-2023 *\/\n.elementor-accordion{text-align:left}.elementor-accordion .elementor-accordion-item{border:1px solid #d5d8dc}.elementor-accordion .elementor-accordion-item+.elementor-accordion-item{border-top:none}.elementor-accordion .elementor-tab-title{margin:0;padding:15px 20px;font-weight:700;line-height:1;cursor:pointer;outline:none}.elementor-accordion .elementor-tab-title .elementor-accordion-icon{display:inline-block;width:1.5em}.elementor-accordion .elementor-tab-title .elementor-accordion-icon svg{width:1em;height:1em}.elementor-accordion .elementor-tab-title .elementor-accordion-icon.elementor-accordion-icon-right{float:right;text-align:right}.elementor-accordion .elementor-tab-title .elementor-accordion-icon.elementor-accordion-icon-left{float:left;text-align:left}.elementor-accordion .elementor-tab-title .elementor-accordion-icon .elementor-accordion-icon-closed{display:block}.elementor-accordion .elementor-tab-title .elementor-accordion-icon .elementor-accordion-icon-opened,.elementor-accordion .elementor-tab-title.elementor-active .elementor-accordion-icon-closed{display:none}.elementor-accordion .elementor-tab-title.elementor-active .elementor-accordion-icon-opened{display:block}.elementor-accordion .elementor-tab-content{display:none;padding:15px 20px;border-top:1px solid #d5d8dc}@media (max-width:767px){.elementor-accordion .elementor-tab-title{padding:12px 15px}.elementor-accordion .elementor-tab-title .elementor-accordion-icon{width:1.2em}.elementor-accordion .elementor-tab-content{padding:7px 15px}}.e-con-inner>.elementor-widget-accordion,.e-con>.elementor-widget-accordion{width:var(--container-widget-width);--flex-grow:var(--container-widget-flex-grow)}<\/style>\t\t<div class=\"elementor-accordion\">\n\t\t\t\t\t\t\t<div class=\"elementor-accordion-item\">\n\t\t\t\t\t<div id=\"elementor-tab-title-1971\" class=\"elementor-tab-title\" data-tab=\"1\" role=\"button\" aria-controls=\"elementor-tab-content-1971\" aria-expanded=\"false\">\n\t\t\t\t\t\t\t\t\t\t\t\t\t<span class=\"elementor-accordion-icon elementor-accordion-icon-left\" aria-hidden=\"true\">\n\t\t\t\t\t\t\t\t\t\t\t\t\t\t\t<span class=\"elementor-accordion-icon-closed\"><i class=\"fas fa-plus\"><\/i><\/span>\n\t\t\t\t\t\t\t\t<span class=\"elementor-accordion-icon-opened\"><i class=\"fas fa-minus\"><\/i><\/span>\n\t\t\t\t\t\t\t\t\t\t\t\t\t\t<\/span>\n\t\t\t\t\t\t\t\t\t\t\t\t<a class=\"elementor-accordion-title\" tabindex=\"0\">\u00dc1. Kale \u0130\u015flevsel Yeniden Canland\u0131rma \u00c7al\u0131\u015ftay\u0131<\/a>\n\t\t\t\t\t<\/div>\n\t\t\t\t\t<div id=\"elementor-tab-content-1971\" class=\"elementor-tab-content elementor-clearfix\" data-tab=\"1\" role=\"region\" aria-labelledby=\"elementor-tab-title-1971\"><p>TAR\u0130H:<\/p><div dir=\"ltr\"><div class=\"input-box\" spellcheck=\"false\"><div id=\"waffle-rich-text-editor\" class=\"cell-input editable disabled-input\" dir=\"ltr\" tabindex=\"0\" role=\"combobox\" contenteditable=\"false\" aria-autocomplete=\"list\" aria-label=\"AB26\">18-19.11.2023<\/div><\/div><\/div><div>\u00a0<\/div><p>SAAT:<\/p><div dir=\"ltr\"><div class=\"input-box\" spellcheck=\"false\">10.00-17.00<\/div><\/div><div>\u00a0<\/div><p>MEKAN:<\/p><div dir=\"ltr\"><div class=\"input-box\" spellcheck=\"false\"><div id=\"waffle-rich-text-editor\" class=\"cell-input editable disabled-input\" dir=\"ltr\" tabindex=\"0\" role=\"combobox\" contenteditable=\"false\" aria-autocomplete=\"list\" aria-label=\"AD26\">Ankara Kalesi &#8211; Erimtan Arkeoloji ve Sanat M\u00fczesi M\u00fczesi &#8211; Ankara Kent Konseyi<\/div><\/div><\/div><div>\u00a0<\/div><\/div>\n\t\t\t\t<\/div>\n\t\t\t\t\t\t\t<div class=\"elementor-accordion-item\">\n\t\t\t\t\t<div id=\"elementor-tab-title-1972\" class=\"elementor-tab-title\" data-tab=\"2\" role=\"button\" aria-controls=\"elementor-tab-content-1972\" aria-expanded=\"false\">\n\t\t\t\t\t\t\t\t\t\t\t\t\t<span class=\"elementor-accordion-icon elementor-accordion-icon-left\" aria-hidden=\"true\">\n\t\t\t\t\t\t\t\t\t\t\t\t\t\t\t<span class=\"elementor-accordion-icon-closed\"><i class=\"fas fa-plus\"><\/i><\/span>\n\t\t\t\t\t\t\t\t<span class=\"elementor-accordion-icon-opened\"><i class=\"fas fa-minus\"><\/i><\/span>\n\t\t\t\t\t\t\t\t\t\t\t\t\t\t<\/span>\n\t\t\t\t\t\t\t\t\t\t\t\t<a class=\"elementor-accordion-title\" tabindex=\"0\">\u00dc2. Kent Eskizleri: Ankara Kalesi<\/a>\n\t\t\t\t\t<\/div>\n\t\t\t\t\t<div id=\"elementor-tab-content-1972\" class=\"elementor-tab-content elementor-clearfix\" data-tab=\"2\" role=\"region\" aria-labelledby=\"elementor-tab-title-1972\"><p>TAR\u0130H:<\/p><div dir=\"ltr\"><div class=\"input-box\" spellcheck=\"false\"><div id=\"waffle-rich-text-editor\" class=\"cell-input editable disabled-input\" dir=\"ltr\" tabindex=\"0\" role=\"combobox\" contenteditable=\"false\" aria-autocomplete=\"list\" aria-label=\"AB27\">18-19.11.2023<\/div><\/div><\/div><div>\u00a0<\/div><p>SAAT:<\/p><div dir=\"ltr\"><div class=\"input-box\" spellcheck=\"false\">12.00-14.30<\/div><\/div><div>\u00a0<\/div><p>MEKAN:<\/p><div dir=\"ltr\"><div class=\"input-box\" spellcheck=\"false\"><div id=\"waffle-rich-text-editor\" class=\"cell-input editable disabled-input\" dir=\"ltr\" tabindex=\"0\" role=\"combobox\" contenteditable=\"false\" aria-autocomplete=\"list\" aria-label=\"AD27\">Ankara Kalesi &#8211; Erimtan Arkeoloji ve Sanat M\u00fczesi M\u00fczesi &#8211; Ankara Kent Konseyi<\/div><\/div><\/div><div>\u00a0<\/div><\/div>\n\t\t\t\t<\/div>\n\t\t\t\t\t\t\t<div class=\"elementor-accordion-item\">\n\t\t\t\t\t<div id=\"elementor-tab-title-1973\" class=\"elementor-tab-title\" data-tab=\"3\" role=\"button\" aria-controls=\"elementor-tab-content-1973\" aria-expanded=\"false\">\n\t\t\t\t\t\t\t\t\t\t\t\t\t<span class=\"elementor-accordion-icon elementor-accordion-icon-left\" aria-hidden=\"true\">\n\t\t\t\t\t\t\t\t\t\t\t\t\t\t\t<span class=\"elementor-accordion-icon-closed\"><i class=\"fas fa-plus\"><\/i><\/span>\n\t\t\t\t\t\t\t\t<span class=\"elementor-accordion-icon-opened\"><i class=\"fas fa-minus\"><\/i><\/span>\n\t\t\t\t\t\t\t\t\t\t\t\t\t\t<\/span>\n\t\t\t\t\t\t\t\t\t\t\t\t<a class=\"elementor-accordion-title\" tabindex=\"0\">\u00dc3. Maltepe A\u00e7\u0131k Planlama At\u00f6lyesi (MAPA)<\/a>\n\t\t\t\t\t<\/div>\n\t\t\t\t\t<div id=\"elementor-tab-content-1973\" class=\"elementor-tab-content elementor-clearfix\" data-tab=\"3\" role=\"region\" aria-labelledby=\"elementor-tab-title-1973\"><p>TAR\u0130H:<\/p><div dir=\"ltr\"><div class=\"input-box\" spellcheck=\"false\"><div id=\"waffle-rich-text-editor\" class=\"cell-input editable disabled-input\" dir=\"ltr\" tabindex=\"0\" role=\"combobox\" contenteditable=\"false\" aria-autocomplete=\"list\" aria-label=\"AB28\">24-25.11.2023<\/div><\/div><\/div><div>\u00a0<\/div><p>SAAT:<\/p><div dir=\"ltr\"><div class=\"input-box\" spellcheck=\"false\"><div id=\"waffle-rich-text-editor\" class=\"cell-input editable disabled-input\" dir=\"ltr\" tabindex=\"0\" role=\"combobox\" contenteditable=\"false\" aria-autocomplete=\"list\" aria-label=\"AC28\">10.00-17.00<\/div><\/div><\/div><div>\u00a0<\/div><p>MEKAN:<\/p><div dir=\"ltr\"><div class=\"input-box\" spellcheck=\"false\"><div id=\"waffle-rich-text-editor\" class=\"cell-input editable disabled-input\" dir=\"ltr\" tabindex=\"0\" role=\"combobox\" contenteditable=\"false\" aria-autocomplete=\"list\" aria-label=\"AD28\">Ankara Kent Konseyi<\/div><\/div><\/div><div>\u00a0<\/div><\/div>\n\t\t\t\t<\/div>\n\t\t\t\t\t\t\t<div class=\"elementor-accordion-item\">\n\t\t\t\t\t<div id=\"elementor-tab-title-1974\" class=\"elementor-tab-title\" data-tab=\"4\" role=\"button\" aria-controls=\"elementor-tab-content-1974\" aria-expanded=\"false\">\n\t\t\t\t\t\t\t\t\t\t\t\t\t<span class=\"elementor-accordion-icon elementor-accordion-icon-left\" aria-hidden=\"true\">\n\t\t\t\t\t\t\t\t\t\t\t\t\t\t\t<span class=\"elementor-accordion-icon-closed\"><i class=\"fas fa-plus\"><\/i><\/span>\n\t\t\t\t\t\t\t\t<span class=\"elementor-accordion-icon-opened\"><i class=\"fas fa-minus\"><\/i><\/span>\n\t\t\t\t\t\t\t\t\t\t\t\t\t\t<\/span>\n\t\t\t\t\t\t\t\t\t\t\t\t<a class=\"elementor-accordion-title\" tabindex=\"0\">\u00dc4. M\u00fczik ve Dans Performans\u0131: ANSAMBUL II <\/a>\n\t\t\t\t\t<\/div>\n\t\t\t\t\t<div id=\"elementor-tab-content-1974\" class=\"elementor-tab-content elementor-clearfix\" data-tab=\"4\" role=\"region\" aria-labelledby=\"elementor-tab-title-1974\"><p>TAR\u0130H:<\/p><div dir=\"ltr\"><div class=\"input-box\" spellcheck=\"false\"><div id=\"waffle-rich-text-editor\" class=\"cell-input editable disabled-input\" dir=\"ltr\" tabindex=\"0\" role=\"combobox\" contenteditable=\"false\" aria-autocomplete=\"list\" aria-label=\"AB29\">24.11.2023<\/div><\/div><\/div><div>\u00a0<\/div><p>SAAT:<\/p><div dir=\"ltr\"><div class=\"input-box\" spellcheck=\"false\"><div id=\"waffle-rich-text-editor\" class=\"cell-input editable disabled-input\" dir=\"ltr\" tabindex=\"0\" role=\"combobox\" contenteditable=\"false\" aria-autocomplete=\"list\" aria-label=\"AC29\">19.00-21.00<\/div><\/div><\/div><div>\u00a0<\/div><p>MEKAN:<\/p><div dir=\"ltr\"><div class=\"input-box\" spellcheck=\"false\"><div id=\"waffle-rich-text-editor\" class=\"cell-input editable disabled-input\" dir=\"ltr\" tabindex=\"0\" role=\"combobox\" contenteditable=\"false\" aria-autocomplete=\"list\" aria-label=\"AD29\">Erimtan Arkeoloji ve Sanat M\u00fczesi M\u00fczesi<\/div><\/div><\/div><div>\u00a0<\/div><\/div>\n\t\t\t\t<\/div>\n\t\t\t\t\t\t\t\t<\/div>\n\t\t\t\t<\/div>\n\t\t\t\t<\/div>\n\t\t\t\t\t<\/div>\n\t\t\t\t<\/div>\n\t\t<div class=\"elementor-element elementor-element-d90f61f e-flex e-con-boxed e-con e-parent\" data-id=\"d90f61f\" data-element_type=\"container\" data-settings=\"{&quot;content_width&quot;:&quot;boxed&quot;}\" data-core-v316-plus=\"true\">\n\t\t\t\t\t<div class=\"e-con-inner\">\n\t\t\t\t\t<\/div>\n\t\t\t\t<\/div>\n\t\t\t\t\t\t\t<\/div>\n\t\t","protected":false},"excerpt":{"rendered":"<p>Kentte Birlikte \u00dcretmek ve \u00d6\u011frenmek \u00dc1. Kale \u0130\u015flevsel Yeniden Canland\u0131rma \u00c7al\u0131\u015ftay\u0131 TAR\u0130H: 18-19.11.2023\u00a0 SAAT: 10.00-17.00\u00a0 MEKAN: Ankara Kalesi &#8211; Erimtan Arkeoloji ve Sanat M\u00fczesi M\u00fczesi &#8211; Ankara Kent Konseyi\u00a0 \u00dc2. [&hellip;]<\/p>\n","protected":false},"author":1,"featured_media":0,"parent":0,"menu_order":0,"comment_status":"closed","ping_status":"closed","template":"","meta":{"footnotes":""},"class_list":["post-1419","page","type-page","status-publish","hentry"],"_links":{"self":[{"href":"https:\/\/bienal2023.ilhantekelivakfi.org.tr\/index.php?rest_route=\/wp\/v2\/pages\/1419","targetHints":{"allow":["GET"]}}],"collection":[{"href":"https:\/\/bienal2023.ilhantekelivakfi.org.tr\/index.php?rest_route=\/wp\/v2\/pages"}],"about":[{"href":"https:\/\/bienal2023.ilhantekelivakfi.org.tr\/index.php?rest_route=\/wp\/v2\/types\/page"}],"author":[{"embeddable":true,"href":"https:\/\/bienal2023.ilhantekelivakfi.org.tr\/index.php?rest_route=\/wp\/v2\/users\/1"}],"replies":[{"embeddable":true,"href":"https:\/\/bienal2023.ilhantekelivakfi.org.tr\/index.php?rest_route=%2Fwp%2Fv2%2Fcomments&post=1419"}],"version-history":[{"count":22,"href":"https:\/\/bienal2023.ilhantekelivakfi.org.tr\/index.php?rest_route=\/wp\/v2\/pages\/1419\/revisions"}],"predecessor-version":[{"id":1559,"href":"https:\/\/bienal2023.ilhantekelivakfi.org.tr\/index.php?rest_route=\/wp\/v2\/pages\/1419\/revisions\/1559"}],"wp:attachment":[{"href":"https:\/\/bienal2023.ilhantekelivakfi.org.tr\/index.php?rest_route=%2Fwp%2Fv2%2Fmedia&parent=1419"}],"curies":[{"name":"wp","href":"https:\/\/api.w.org\/{rel}","templated":true}]}}